{"id":160,"date":"2024-06-10T09:53:44","date_gmt":"2024-06-10T07:53:44","guid":{"rendered":"https:\/\/lecorpsalame.fr\/?page_id=160"},"modified":"2024-11-12T12:16:17","modified_gmt":"2024-11-12T11:16:17","slug":"mentions-legales","status":"publish","type":"page","link":"https:\/\/lecorpsalame.fr\/index.php\/mentions-legales\/","title":{"rendered":"Mentions l\u00e9gales"},"content":{"rendered":"\n<h2>\n\t\tMentions l\u00e9gales\n\t<\/h2>\n\t<h3>Responsable de la Publication<\/h3>\n<strong>Emilie Laouchet<\/strong><br \/>\n2 rue de l&rsquo;\u00e2me<br \/>\n13010 Aix-en-Provence\n06 07 00 00 00<br \/>\n<a href=\"mailto:contact@lecorpsalame.fr\">contact@lecorpsalame.fr<\/a>\n<h3>H\u00e9bergement<\/h3>\nOVH<br \/>\n2 rue Kellerman<br \/>\nBP 80157 59100 Roubaix\n<h3>Conception \/ R\u00e9alisation<\/h3>\n<p>Ce site a \u00e9t\u00e9 r\u00e9alis\u00e9 par <a href=\"https:\/\/margaretdesign.fr\/\">Margaret Design<\/a>.<\/p>\n<h3>Propri\u00e9t\u00e9s intellectuelles<\/h3>\n<p>Les contenus pr\u00e9sents sur le site <a href=\"https:\/\/lecorpsalame.fr\/\">lecorpsalame.fr<\/a> sont la propri\u00e9t\u00e9 de Emilie Laouchet. Ces contenus \u00e9tant prot\u00e9g\u00e9s par le droit d&rsquo;auteur, toute reproduction est en principe conditionn\u00e9e \u00e0 l&rsquo;accord de l&rsquo;association en vertu de l&rsquo;article L.122-4 du Code de la Propri\u00e9t\u00e9 Intellectuelle.<\/p>\n<p>Toutefois, les contenus mis \u00e0 disposition du public sur le site peuvent \u00eatre reproduits de mani\u00e8re occasionnelle \u00e0 condition de citer la source \u00e0 la suite du contenu reproduit, et ce de la mani\u00e8re suivante :<\/p>\n<p>\u00ab Contenu publi\u00e9 sur le site <a href=\"https:\/\/lecorpsalame.fr\/\">lecorpsalame.fr<\/a> \u00bb.<\/p>\n<p>Cette mention pointera directement sur la page correspondante gr\u00e2ce \u00e0 un lien hypertexte.<\/p>\n<h3>Vie priv\u00e9e<\/h3>\n<p>Lors de sa navigation sur le site internet <a href=\"https:\/\/lecorpsalame.fr\/\">lecorpsalame.fr<\/a>, l&rsquo;utilisateur peut \u00eatre amen\u00e9, s&rsquo;il le souhaite, \u00e0 renseigner des formulaires comportant des donn\u00e9es \u00e0 caract\u00e8re personnel, telles que d\u00e9finies aux termes de l&rsquo;article 2 de la loi du 6 janvier 1978, modifi\u00e9e par la loi du 6 ao\u00fbt 2004.<\/p>\n<p>Conform\u00e9ment aux dispositions de la loi du 6 janvier 1978, modifi\u00e9e par la loi du 6 ao\u00fbt 2004, vous disposez d&rsquo;un droit d&rsquo;opposition (article 38), d&rsquo;acc\u00e8s (article 39) et de rectification (article 40) s&rsquo;agissant des informations qui vous concernent. Si vous souhaitez obtenir communication de ces informations et solliciter des mesures de correction ou d&rsquo;effacement, il vous suffit de nous adresser un courriel \u00e0 <a href=\"mailto:contact@lecorpsalame.fr\">contact@lecorpsalame.fr<\/a>.<\/p>\n<p>L&rsquo;utilisateur est inform\u00e9 de ce que le site <a href=\"https:\/\/lecorpsalame.fr\/\">lecorpsalame.fr<\/a> et\/ou des prestataires peuvent d\u00e9poser des cookies dans son ordinateur. Ces outils ne comportent aucune donn\u00e9e nominative et sont utilis\u00e9s uniquement \u00e0 des fins statistiques.<\/p>\n\t\t\t\t\t\t\t\t<a href=\"https:\/\/lecorpsalame.fr\/\" target=\"_self\" itemprop=\"url\" rel=\"noopener\">\n\t\t\t\t\t\t\t\t\t<img loading=\"lazy\" decoding=\"async\" src=\"https:\/\/lecorpsalame.fr\/wp-content\/uploads\/2024\/05\/Favicon.png\" alt=\"Favicon\" itemprop=\"image\" height=\"5167\" width=\"5167\" srcset=\"https:\/\/lecorpsalame.fr\/wp-content\/uploads\/2024\/05\/Favicon.png 5167w, https:\/\/lecorpsalame.fr\/wp-content\/uploads\/2024\/05\/Favicon-300x300.png 300w, https:\/\/lecorpsalame.fr\/wp-content\/uploads\/2024\/05\/Favicon-1024x1024.png 1024w, https:\/\/lecorpsalame.fr\/wp-content\/uploads\/2024\/05\/Favicon-150x150.png 150w, https:\/\/lecorpsalame.fr\/wp-content\/uploads\/2024\/05\/Favicon-768x768.png 768w, https:\/\/lecorpsalame.fr\/wp-content\/uploads\/2024\/05\/Favicon-1536x1536.png 1536w, https:\/\/lecorpsalame.fr\/wp-content\/uploads\/2024\/05\/Favicon-2048x2048.png 2048w\" sizes=\"auto, (max-width: 5167px) 100vw, 5167px\" title=\"Favicon\" onerror=\"this.style.display='none'\"  \/>\n\t\t\t\t\t\t\t\t\t\t\t\t\t<\/a>\n\t<p><a href=\"https:\/\/lecorpsalame.fr\/index.php\/presentation\/\"><strong>Pr\u00e9sentation<\/strong><\/a><\/p>\n<strong>Les soins<br \/>\n<\/strong><a href=\"https:\/\/lecorpsalame.fr\/index.php\/hypnose\/\">Hypnose<\/a><br \/>\n<a href=\"https:\/\/lecorpsalame.fr\/index.php\/reflexologie\/\">R\u00e9flexologie<\/a><br \/>\n<a href=\"https:\/\/lecorpsalame.fr\/index.php\/massage-des-5-continents\/\">Massage des 5 continents<\/a>\n<p><a href=\"https:\/\/lecorpsalame.fr\/index.php\/infos-pratiques\/\"><strong>Infos pratiques<\/strong><\/a><\/p>\n\t<strong>Emilie Laouchet (EI)<\/strong><br \/>\n18 Chemin de la Sesti\u00e8re<br \/>\n84240 LA TOUR D&rsquo;AIGUES\n06 29 81 62 89<br \/>\n<a href=\"mailto:contact@lecorpsalame.fr\">contact@lecorpsalame.fr<\/a>\n\t\t<link itemprop=\"url\" href=\"https:\/\/lecorpsalame.fr\"\/>\n\t\t<a itemprop=\"sameAs\" href=\"https:\/\/www.facebook.com\/profile.php?id=61557429104822\" target=\"_blank\" title=\"\" aria-label=\"\" role=\"button\" rel=\"noopener noreferrer external\">\n\t\t\t\t\t<\/a>\n\t\t<link itemprop=\"url\" href=\"https:\/\/lecorpsalame.fr\"\/>\n\t\t<a itemprop=\"sameAs\" href=\"https:\/\/www.instagram.com\/lecorpsalame_reflexo\/\" target=\"_blank\" title=\"Instagram\" aria-label=\"Instagram\" role=\"button\" rel=\"noopener noreferrer external\">\n\t\t\t\t\t<\/a>\n\t<a href=\"https:\/\/lecorpsalame.fr\/index.php\/code-de-deontologie-en-hypnose\/\">Code de d\u00e9ontologie en hypnose<\/a><br \/>\n<a href=\"https:\/\/lecorpsalame.fr\/index.php\/charte-ethique-de-lhypnologue\/\">Charte \u00e9thique de l&rsquo;hypnologue<\/a>\n\t\t\t<a href=\"https:\/\/lecorpsalame.fr\/index.php\/contact\/\" target=\"_self\" rel=\"noopener\">\n\t\t\t\t\t\t\tContactez-moi\n\t\t\t<\/a>\n\t<p>\u00a9 2024 Le Corps \u00e0 l&rsquo;Ame \u00b7 Tous droit r\u00e9serv\u00e9s \u00b7 <a href=\"https:\/\/lecorpsalame.fr\/index.php\/mentions-legales\/\">Mentions l\u00e9gales<\/a> \u00b7 <a href=\"https:\/\/lecorpsalame.fr\/index.php\/politique-de-donnees-personnelles\/\">Politique de donn\u00e9es personnelles<\/a><\/p>\n\n","protected":false},"excerpt":{"rendered":"<p>Mentions l\u00e9gales Responsable de la Publication Emilie Laouchet 2 rue de l&rsquo;\u00e2me 13010 Aix-en-Provence 06 07 00 00 00 contact@lecorpsalame.fr H\u00e9bergement OVH 2 rue Kellerman BP 80157 59100 Roubaix Conception \/ R\u00e9alisation Ce site a \u00e9t\u00e9 r\u00e9alis\u00e9 par Margaret Design. Propri\u00e9t\u00e9s intellectuelles Les contenus pr\u00e9sents sur le site lecorpsalame.fr sont la propri\u00e9t\u00e9 de Emilie Laouchet.&hellip;<\/p>\n","protected":false},"author":1,"featured_media":0,"parent":0,"menu_order":0,"comment_status":"closed","ping_status":"closed","template":"","meta":{"footnotes":""},"class_list":["post-160","page","type-page","status-publish","hentry"],"yoast_head":"<!-- This site is optimized with the Yoast SEO plugin v24.0 - https:\/\/yoast.com\/wordpress\/plugins\/seo\/ -->\n<title>Mentions l\u00e9gales - Le Corps \u00e0 l&#039;\u00c2me<\/title>\n<meta name=\"robots\" content=\"index, follow, max-snippet:-1, max-image-preview:large, max-video-preview:-1\" \/>\n<link rel=\"canonical\" href=\"https:\/\/lecorpsalame.fr\/index.php\/mentions-legales\/\" \/>\n<meta property=\"og:locale\" content=\"fr_FR\" \/>\n<meta property=\"og:type\" content=\"article\" \/>\n<meta property=\"og:title\" content=\"Mentions l\u00e9gales - Le Corps \u00e0 l&#039;\u00c2me\" \/>\n<meta property=\"og:description\" content=\"Mentions l\u00e9gales Responsable de la Publication Emilie Laouchet 2 rue de l&rsquo;\u00e2me 13010 Aix-en-Provence 06 07 00 00 00 contact@lecorpsalame.fr H\u00e9bergement OVH 2 rue Kellerman BP 80157 59100 Roubaix Conception \/ R\u00e9alisation Ce site a \u00e9t\u00e9 r\u00e9alis\u00e9 par Margaret Design. Propri\u00e9t\u00e9s intellectuelles Les contenus pr\u00e9sents sur le site lecorpsalame.fr sont la propri\u00e9t\u00e9 de Emilie Laouchet.&hellip;\" \/>\n<meta property=\"og:url\" content=\"https:\/\/lecorpsalame.fr\/index.php\/mentions-legales\/\" \/>\n<meta property=\"og:site_name\" content=\"Le Corps \u00e0 l&#039;\u00c2me\" \/>\n<meta property=\"article:modified_time\" content=\"2024-11-12T11:16:17+00:00\" \/>\n<meta property=\"og:image\" content=\"https:\/\/lecorpsalame.fr\/wp-content\/uploads\/2024\/05\/Favicon.png\" \/>\n<meta name=\"twitter:card\" content=\"summary_large_image\" \/>\n<meta name=\"twitter:label1\" content=\"Dur\u00e9e de lecture estim\u00e9e\" \/>\n\t<meta name=\"twitter:data1\" content=\"2 minutes\" \/>\n<script type=\"application\/ld+json\" class=\"yoast-schema-graph\">{\"@context\":\"https:\/\/schema.org\",\"@graph\":[{\"@type\":\"WebPage\",\"@id\":\"https:\/\/lecorpsalame.fr\/index.php\/mentions-legales\/\",\"url\":\"https:\/\/lecorpsalame.fr\/index.php\/mentions-legales\/\",\"name\":\"Mentions l\u00e9gales - Le Corps \u00e0 l&#039;\u00c2me\",\"isPartOf\":{\"@id\":\"https:\/\/lecorpsalame.fr\/#website\"},\"primaryImageOfPage\":{\"@id\":\"https:\/\/lecorpsalame.fr\/index.php\/mentions-legales\/#primaryimage\"},\"image\":{\"@id\":\"https:\/\/lecorpsalame.fr\/index.php\/mentions-legales\/#primaryimage\"},\"thumbnailUrl\":\"https:\/\/lecorpsalame.fr\/wp-content\/uploads\/2024\/05\/Favicon.png\",\"datePublished\":\"2024-06-10T07:53:44+00:00\",\"dateModified\":\"2024-11-12T11:16:17+00:00\",\"breadcrumb\":{\"@id\":\"https:\/\/lecorpsalame.fr\/index.php\/mentions-legales\/#breadcrumb\"},\"inLanguage\":\"fr-FR\",\"potentialAction\":[{\"@type\":\"ReadAction\",\"target\":[\"https:\/\/lecorpsalame.fr\/index.php\/mentions-legales\/\"]}]},{\"@type\":\"ImageObject\",\"inLanguage\":\"fr-FR\",\"@id\":\"https:\/\/lecorpsalame.fr\/index.php\/mentions-legales\/#primaryimage\",\"url\":\"https:\/\/lecorpsalame.fr\/wp-content\/uploads\/2024\/05\/Favicon.png\",\"contentUrl\":\"https:\/\/lecorpsalame.fr\/wp-content\/uploads\/2024\/05\/Favicon.png\"},{\"@type\":\"BreadcrumbList\",\"@id\":\"https:\/\/lecorpsalame.fr\/index.php\/mentions-legales\/#breadcrumb\",\"itemListElement\":[{\"@type\":\"ListItem\",\"position\":1,\"name\":\"Accueil\",\"item\":\"https:\/\/lecorpsalame.fr\/\"},{\"@type\":\"ListItem\",\"position\":2,\"name\":\"Mentions l\u00e9gales\"}]},{\"@type\":\"WebSite\",\"@id\":\"https:\/\/lecorpsalame.fr\/#website\",\"url\":\"https:\/\/lecorpsalame.fr\/\",\"name\":\"Le Corps \u00e0 l'\u00c2me\",\"description\":\"Massages &amp; Soins \u00e9nerg\u00e9tiques\",\"potentialAction\":[{\"@type\":\"SearchAction\",\"target\":{\"@type\":\"EntryPoint\",\"urlTemplate\":\"https:\/\/lecorpsalame.fr\/?s={search_term_string}\"},\"query-input\":{\"@type\":\"PropertyValueSpecification\",\"valueRequired\":true,\"valueName\":\"search_term_string\"}}],\"inLanguage\":\"fr-FR\"}]}<\/script>\n<!-- \/ Yoast SEO plugin. -->","yoast_head_json":{"title":"Mentions l\u00e9gales - Le Corps \u00e0 l&#039;\u00c2me","robots":{"index":"index","follow":"follow","max-snippet":"max-snippet:-1","max-image-preview":"max-image-preview:large","max-video-preview":"max-video-preview:-1"},"canonical":"https:\/\/lecorpsalame.fr\/index.php\/mentions-legales\/","og_locale":"fr_FR","og_type":"article","og_title":"Mentions l\u00e9gales - Le Corps \u00e0 l&#039;\u00c2me","og_description":"Mentions l\u00e9gales Responsable de la Publication Emilie Laouchet 2 rue de l&rsquo;\u00e2me 13010 Aix-en-Provence 06 07 00 00 00 contact@lecorpsalame.fr H\u00e9bergement OVH 2 rue Kellerman BP 80157 59100 Roubaix Conception \/ R\u00e9alisation Ce site a \u00e9t\u00e9 r\u00e9alis\u00e9 par Margaret Design. Propri\u00e9t\u00e9s intellectuelles Les contenus pr\u00e9sents sur le site lecorpsalame.fr sont la propri\u00e9t\u00e9 de Emilie Laouchet.&hellip;","og_url":"https:\/\/lecorpsalame.fr\/index.php\/mentions-legales\/","og_site_name":"Le Corps \u00e0 l&#039;\u00c2me","article_modified_time":"2024-11-12T11:16:17+00:00","og_image":[{"url":"https:\/\/lecorpsalame.fr\/wp-content\/uploads\/2024\/05\/Favicon.png","type":"","width":"","height":""}],"twitter_card":"summary_large_image","twitter_misc":{"Dur\u00e9e de lecture estim\u00e9e":"2 minutes"},"schema":{"@context":"https:\/\/schema.org","@graph":[{"@type":"WebPage","@id":"https:\/\/lecorpsalame.fr\/index.php\/mentions-legales\/","url":"https:\/\/lecorpsalame.fr\/index.php\/mentions-legales\/","name":"Mentions l\u00e9gales - Le Corps \u00e0 l&#039;\u00c2me","isPartOf":{"@id":"https:\/\/lecorpsalame.fr\/#website"},"primaryImageOfPage":{"@id":"https:\/\/lecorpsalame.fr\/index.php\/mentions-legales\/#primaryimage"},"image":{"@id":"https:\/\/lecorpsalame.fr\/index.php\/mentions-legales\/#primaryimage"},"thumbnailUrl":"https:\/\/lecorpsalame.fr\/wp-content\/uploads\/2024\/05\/Favicon.png","datePublished":"2024-06-10T07:53:44+00:00","dateModified":"2024-11-12T11:16:17+00:00","breadcrumb":{"@id":"https:\/\/lecorpsalame.fr\/index.php\/mentions-legales\/#breadcrumb"},"inLanguage":"fr-FR","potentialAction":[{"@type":"ReadAction","target":["https:\/\/lecorpsalame.fr\/index.php\/mentions-legales\/"]}]},{"@type":"ImageObject","inLanguage":"fr-FR","@id":"https:\/\/lecorpsalame.fr\/index.php\/mentions-legales\/#primaryimage","url":"https:\/\/lecorpsalame.fr\/wp-content\/uploads\/2024\/05\/Favicon.png","contentUrl":"https:\/\/lecorpsalame.fr\/wp-content\/uploads\/2024\/05\/Favicon.png"},{"@type":"BreadcrumbList","@id":"https:\/\/lecorpsalame.fr\/index.php\/mentions-legales\/#breadcrumb","itemListElement":[{"@type":"ListItem","position":1,"name":"Accueil","item":"https:\/\/lecorpsalame.fr\/"},{"@type":"ListItem","position":2,"name":"Mentions l\u00e9gales"}]},{"@type":"WebSite","@id":"https:\/\/lecorpsalame.fr\/#website","url":"https:\/\/lecorpsalame.fr\/","name":"Le Corps \u00e0 l'\u00c2me","description":"Massages &amp; Soins \u00e9nerg\u00e9tiques","potentialAction":[{"@type":"SearchAction","target":{"@type":"EntryPoint","urlTemplate":"https:\/\/lecorpsalame.fr\/?s={search_term_string}"},"query-input":{"@type":"PropertyValueSpecification","valueRequired":true,"valueName":"search_term_string"}}],"inLanguage":"fr-FR"}]}},"_links":{"self":[{"href":"https:\/\/lecorpsalame.fr\/index.php\/wp-json\/wp\/v2\/pages\/160","targetHints":{"allow":["GET"]}}],"collection":[{"href":"https:\/\/lecorpsalame.fr\/index.php\/wp-json\/wp\/v2\/pages"}],"about":[{"href":"https:\/\/lecorpsalame.fr\/index.php\/wp-json\/wp\/v2\/types\/page"}],"author":[{"embeddable":true,"href":"https:\/\/lecorpsalame.fr\/index.php\/wp-json\/wp\/v2\/users\/1"}],"replies":[{"embeddable":true,"href":"https:\/\/lecorpsalame.fr\/index.php\/wp-json\/wp\/v2\/comments?post=160"}],"version-history":[{"count":4,"href":"https:\/\/lecorpsalame.fr\/index.php\/wp-json\/wp\/v2\/pages\/160\/revisions"}],"predecessor-version":[{"id":353,"href":"https:\/\/lecorpsalame.fr\/index.php\/wp-json\/wp\/v2\/pages\/160\/revisions\/353"}],"wp:attachment":[{"href":"https:\/\/lecorpsalame.fr\/index.php\/wp-json\/wp\/v2\/media?parent=160"}],"curies":[{"name":"wp","href":"https:\/\/api.w.org\/{rel}","templated":true}]}}